{"id":150,"date":"2023-08-09T21:12:01","date_gmt":"2023-08-09T21:12:01","guid":{"rendered":"https:\/\/torremind.com\/home-espanol\/"},"modified":"2025-06-26T17:12:54","modified_gmt":"2025-06-26T17:12:54","slug":"inicio","status":"publish","type":"page","link":"https:\/\/torremind.com\/es\/","title":{"rendered":"Inicio"},"content":{"rendered":"<section class=\"wpb-content-wrapper\"><p>[vc_row][vc_column][\/vc_column][\/vc_row][vc_row full_width=&#8221;stretch_row_content&#8221;][vc_column][\/vc_column][\/vc_row][vc_row full_width=&#8221;stretch_row&#8221;][vc_column width=&#8221;7\/12&#8243;][vc_column_text css=&#8221;.vc_custom_1691700960578{margin-bottom: 10px !important;}&#8221;]<\/p>\n<h2 class=\"clr-blue txt-uppercase\">Bienvenido a una Nueva Era de<br class=\"solo-desktop\" \/>Espacios de Oficina en Torre Mind.<\/h2>\n<p>[\/vc_column_text][vc_separator color=&#8221;black&#8221; align=&#8221;align_left&#8221; el_class=&#8221;pleca&#8221; css=&#8221;.vc_custom_1691288459394{margin-bottom: 10px !important;}&#8221;][vc_column_text]Torre Mind te ofrece <strong>m\u00e1s de 5,000 metros cuadrados<\/strong> de espacio de oficina en el distrito financiero de Tijuana. Nuestra ubicaci\u00f3n privilegiada, a minutos de la <em>garita internacional<\/em>, brinda acceso a hoteles de lujo, restaurantes de primer nivel, edificios financieros destacados, plazas comerciales, avenidas principales y una amplia gama de amenidades.[\/vc_column_text][\/vc_column][vc_column width=&#8221;5\/12&#8243;][vc_single_image image=&#8221;110&#8243; img_size=&#8221;large&#8221; alignment=&#8221;center&#8221; onclick=&#8221;link_image&#8221;][\/vc_column][\/vc_row][vc_row][vc_column][vc_row_inner css=&#8221;.vc_custom_1691471757938{margin-bottom: 0px !important;}&#8221;][vc_column_inner width=&#8221;1\/3&#8243;][vc_hoverbox image=&#8221;34&#8243; primary_title=&#8221;TECHO A 4.2 METROS DE ALTURA&#8221; primary_title_font_container=&#8221;color:%23ffffff&#8221; primary_title_use_theme_fonts=&#8221;yes&#8221; hover_title=&#8221;TECHO A 4.2 METROS DE ALTURA&#8221; hover_title_font_container=&#8221;color:%23ffffff&#8221; hover_title_use_theme_fonts=&#8221;yes&#8221; shape=&#8221;square&#8221; hover_background_color=&#8221;custom&#8221; use_custom_fonts_primary_title=&#8221;true&#8221; use_custom_fonts_hover_title=&#8221;true&#8221; hover_custom_background=&#8221;#00b5ee&#8221; css=&#8221;.vc_custom_1691616727655{margin-bottom: 24px !important;}&#8221;]<\/p>\n<p class=\"clr-white\"><span style=\"font-weight: 400;\">Los espacios de <\/span><i><span style=\"font-weight: 400;\">Torre Mind<\/span><\/i><span style=\"font-weight: 400;\"> generan una sensaci\u00f3n de gran amplitud debido a la notable altura de su techo de m\u00e1s de 4 metros, fomentando la <\/span><i><span style=\"font-weight: 400;\">creatividad<\/span><\/i><span style=\"font-weight: 400;\"> y la <\/span><b>colaboraci\u00f3n<\/b><span style=\"font-weight: 400;\"> en el equipo de trabajo.<\/span><\/p>\n<p>[\/vc_hoverbox][\/vc_column_inner][vc_column_inner width=&#8221;1\/3&#8243;][vc_hoverbox image=&#8221;33&#8243; primary_title=&#8221;ATRIO DE 3 NIVELES&#8221; primary_title_font_container=&#8221;color:%23ffffff&#8221; primary_title_use_theme_fonts=&#8221;yes&#8221; hover_title=&#8221;ATRIO DE 3 NIVELES&#8221; hover_title_font_container=&#8221;color:%23ffffff&#8221; hover_title_use_theme_fonts=&#8221;yes&#8221; shape=&#8221;square&#8221; hover_background_color=&#8221;custom&#8221; use_custom_fonts_primary_title=&#8221;true&#8221; use_custom_fonts_hover_title=&#8221;true&#8221; hover_custom_background=&#8221;#2c2b36&#8243; css=&#8221;.vc_custom_1691616740592{margin-bottom: 24px !important;}&#8221; el_class=&#8221;cuadro-black&#8221;]<\/p>\n<p class=\"clr-white\"><span style=\"font-weight: 400;\">Dise\u00f1ado para llenar el espacio interior con luz <\/span><b>natural<\/b><span style=\"font-weight: 400;\">, brindar un inter\u00e9s visual y generar una sensaci\u00f3n de amplitud, la majestuosidad del atrio de 3 niveles logra sumergirnos en un entorno inspirador que invita a la <\/span><i><span style=\"font-weight: 400;\">conexi\u00f3n<\/span><\/i><span style=\"font-weight: 400;\"> y estimula la <\/span><b>innovaci\u00f3n<\/b><span style=\"font-weight: 400;\">.<\/span><\/p>\n<p>[\/vc_hoverbox][\/vc_column_inner][vc_column_inner width=&#8221;1\/3&#8243;][vc_hoverbox image=&#8221;35&#8243; primary_title=&#8221;UBICACI\u00d3N ESTRAT\u00c9GICA&#8221; primary_title_font_container=&#8221;color:%23ffffff&#8221; primary_title_use_theme_fonts=&#8221;yes&#8221; hover_title=&#8221;UBICACI\u00d3N ESTRAT\u00c9GICA&#8221; hover_title_font_container=&#8221;color:%23ffffff&#8221; hover_title_use_theme_fonts=&#8221;yes&#8221; shape=&#8221;square&#8221; hover_background_color=&#8221;custom&#8221; use_custom_fonts_primary_title=&#8221;true&#8221; use_custom_fonts_hover_title=&#8221;true&#8221; hover_custom_background=&#8221;#00b5ee&#8221;]<\/p>\n<p class=\"clr-white\"><span style=\"font-weight: 400;\">A solo unos cuantos minutos de la garita de San Ysidro, en la reconocida \u00e1rea financiera de <\/span><b>Zona R\u00edo<\/b><span style=\"font-weight: 400;\"> en Tijuana, te espera <\/span><i><span style=\"font-weight: 400;\">Torre Mind<\/span><\/i><span style=\"font-weight: 400;\">. Aqu\u00ed tendr\u00e1s acceso a una amplia variedad de restaurantes de primera, tiendas de calidad, los hoteles m\u00e1s destacados de Tijuana y diversas opciones de transporte p\u00fablico para tus colaboradores.<\/span><\/p>\n<p>[\/vc_hoverbox][\/vc_column_inner][\/vc_row_inner][\/vc_column][\/vc_row][vc_row full_width=&#8221;stretch_row_content&#8221; el_id=&#8221;video&#8221;][vc_column][vc_column_text]<\/p>\n<h2 class=\"clr-blue txt-uppercase\" style=\"text-align: center;\">\u00a1Dale un <em>upgrade<\/em> a tu empresa con la mejor ubicaci\u00f3n en Tijuana!<\/h2>\n<p>[\/vc_column_text][vc_raw_html css=&#8221;.vc_custom_1691692646103{margin-bottom: 0px !important;}&#8221;]JTNDdmlkZW8lMjBzcmMlM0QlMjJodHRwcyUzQSUyRiUyRnRvcnJlbWluZC5jb20lMkZ2aWRlbyUyRkNvbkRyb25FU1Bvay5tcDQlMjIlMjBhdXRvcGxheSUyMGxvb3AlMjBjb250cm9scyUyMG11dGVkJTIwcG9zdGVyJTNEJTIyJTIyJTIwd2lkdGglM0QlMjIxMDAlMjUlMjIlM0UlM0MlMkZ2aWRlbyUzRQ==[\/vc_raw_html][vc_empty_space el_id=&#8221;sobre-la-propiedad&#8221;][\/vc_column][\/vc_row][vc_row full_width=&#8221;stretch_row&#8221;][vc_column width=&#8221;2\/3&#8243;][vc_column_text css=&#8221;.vc_custom_1694480773064{margin-bottom: 10px !important;}&#8221;]<\/p>\n<h2 class=\"clr-blue\">SOBRE LA PROPIEDAD.<\/h2>\n<p>[\/vc_column_text][vc_separator color=&#8221;black&#8221; align=&#8221;align_left&#8221; el_class=&#8221;pleca&#8221; css=&#8221;.vc_custom_1691288459394{margin-bottom: 10px !important;}&#8221;][vc_column_text]60,000 SF office space situated in the heart of Tijuana&#8217;s Financial District with shared areas and amenities designed to energize, inspire and connect tentant base. Convenient access to restaurants, retail services and public transportation within walking distance, and minutes away from the informational border.[\/vc_column_text][\/vc_column][vc_column width=&#8221;1\/3&#8243;][vc_column_text el_class=&#8221;txt-medium&#8221;]<strong class=\"clr-orange\">\u00a1Asegura tu espacio hoy mismo!<\/strong><\/p>\n<p><span style=\"font-weight: 400;\">Oficinas <\/span><b>completamente nuevas<\/b><span style=\"font-weight: 400;\"> desde 464.5 m\u00b2 hasta 1,254 m\u00b2 por nivel.<\/span><\/p>\n<ul>\n<li><span style=\"font-weight: 400;\">Amenidades Adicionales en la Azotea <\/span><\/li>\n<li><span style=\"font-weight: 400;\">Balcones y Terrazas en los niveles N1-N3<\/span><\/li>\n<li><span style=\"font-weight: 400;\">Seguridad las 24 horas<\/span><\/li>\n<li><span style=\"font-weight: 400;\">Atrio interno de 180 metros cuadrados<\/span><\/li>\n<li><span style=\"font-weight: 400;\">Servicio de Valet y Sistema de Elevador para Autos <\/span><\/li>\n<li><span style=\"font-weight: 400;\">Estacionamiento Seguro en Dos Niveles <\/span><\/li>\n<li><span style=\"font-weight: 400;\">Tarifas de Arrendamiento a partir de US $24\/mes x m2 <\/span><\/li>\n<li><span style=\"font-weight: 400;\">Contrato M\u00ednimo de 3 A\u00f1os<\/span><\/li>\n<\/ul>\n<p>[\/vc_column_text][\/vc_column][\/vc_row][vc_row full_width=&#8221;stretch_row&#8221; css=&#8221;.vc_custom_1694478312843{background-color: #eaeaea !important;}&#8221;][vc_column][vc_column_text css=&#8221;.vc_custom_1694478068376{margin-bottom: 10px !important;}&#8221;]<\/p>\n<h2 class=\"clr-blue\">M\u00e1s que un espacio de oficina.<\/h2>\n<p>[\/vc_column_text][vc_separator color=&#8221;black&#8221; align=&#8221;align_left&#8221; el_class=&#8221;pleca&#8221; css=&#8221;.vc_custom_1691288459394{margin-bottom: 10px !important;}&#8221;][vc_column_text]<\/p>\n<h3><strong>Espacios de trabajo flexibles<\/strong><\/h3>\n<p>Desde <strong>464.5 m\u00b2 hasta 1,254 m\u00b2<\/strong> por nivel, Torre Mind es el lugar perfecto para empresas <strong>tecnol\u00f3gicas<\/strong> y <strong>creativas<\/strong> de todos los tama\u00f1os. Ya sea una startup en crecimiento, una compa\u00f1\u00eda de software establecida o una empresa de tecnolog\u00eda m\u00e9dica, contamos con espacios de oficina flexibles, modernos y completamente nuevos.[\/vc_column_text][vc_column_text el_class=&#8221;txt-medium&#8221;]<\/p>\n<h3><strong class=\"clr-orange\">\u00a1Asegura tu espacio hoy mismo!<\/strong><\/h3>\n<p><strong>M\u00e1s de 500 m\u00b2 de Azotea<\/strong>. Un espacio al aire libre para <strong>colaboraci\u00f3n<\/strong> y <strong>eventos<\/strong>, vistas panor\u00e1micas sorprendentes y flexibilidad de adaptaci\u00f3n, promoviendo un mejor estado de \u00e1nimo para el bienestar de los<em> equipos de trabajo<\/em>.<\/p>\n<p><strong>Balcones y Terrazas en los niveles N1 y N3<\/strong>. Ideales para relajarse, encontrar inspiraci\u00f3n y llevar a cabo reuniones creativas en un entorno de trabajo que promueve la <strong>innovaci\u00f3n<\/strong>, la <strong>colaboraci\u00f3n<\/strong> y el <strong>bienestar<\/strong>.<\/p>\n<p><strong>Seguridad 24\/7<\/strong>. La seguridad es nuestra m\u00e1xima prioridad, para que tus colaboradores trabajen en horarios <em>no convencionales<\/em> y en proyectos cr\u00edticos sin preocupaciones, contribuyendo as\u00ed a un ambiente de trabajo <strong>eficiente<\/strong> y <strong>seguro<\/strong> en todo momento.<\/p>\n<p><strong>Atrio interno de 180 metros cuadrados<\/strong>. Una caracter\u00edstica \u00fanica de Torre Mind que proporciona un ambiente interior <strong>abierto<\/strong> y <em>luminoso<\/em>, fomentando la colaboraci\u00f3n, la creatividad y el bienestar de los empleados en un ambiente m\u00e1s productivo y agradable.<\/p>\n<p><strong>Servicio de Valet y Sistema de Elevador para Autos<\/strong>. Acceso a m\u00e1s de 140 lugares de estacionamiento cubiertos, lo que facilita la llegada y salida de empleados y visitantes, optimizando el tiempo y la comodidad en un entorno de trabajo moderno.[\/vc_column_text][vc_empty_space height=&#8221;5px&#8221;][\/vc_column][\/vc_row][vc_row el_id=&#8221;galeria&#8221;][vc_column][vc_row_inner css=&#8221;.vc_custom_1691295270794{margin-bottom: 0px !important;}&#8221;][vc_column_inner width=&#8221;1\/3&#8243;][vc_single_image image=&#8221;41&#8243; img_size=&#8221;592&#215;415&#8243; alignment=&#8221;center&#8221; onclick=&#8221;link_image&#8221; css=&#8221;.vc_custom_1691295606229{margin-bottom: 24px !important;}&#8221;][\/vc_column_inner][vc_column_inner width=&#8221;1\/3&#8243;][vc_single_image image=&#8221;42&#8243; img_size=&#8221;592&#215;415&#8243; alignment=&#8221;center&#8221; onclick=&#8221;link_image&#8221; css=&#8221;.vc_custom_1691295599507{margin-bottom: 24px !important;}&#8221;][\/vc_column_inner][vc_column_inner width=&#8221;1\/3&#8243;][vc_single_image image=&#8221;44&#8243; img_size=&#8221;592&#215;415&#8243; alignment=&#8221;center&#8221; onclick=&#8221;link_image&#8221; css=&#8221;.vc_custom_1691295594042{margin-bottom: 24px !important;}&#8221;][\/vc_column_inner][\/vc_row_inner][vc_row_inner css=&#8221;.vc_custom_1691295270794{margin-bottom: 0px !important;}&#8221;][vc_column_inner width=&#8221;1\/3&#8243;][vc_single_image image=&#8221;43&#8243; img_size=&#8221;592&#215;415&#8243; alignment=&#8221;center&#8221; onclick=&#8221;link_image&#8221; css=&#8221;.vc_custom_1691295626847{margin-bottom: 24px !important;}&#8221;][\/vc_column_inner][vc_column_inner width=&#8221;1\/3&#8243;][vc_single_image image=&#8221;45&#8243; img_size=&#8221;592&#215;415&#8243; alignment=&#8221;center&#8221; onclick=&#8221;link_image&#8221; css=&#8221;.vc_custom_1691295638385{margin-bottom: 24px !important;}&#8221;][\/vc_column_inner][vc_column_inner width=&#8221;1\/3&#8243;][vc_single_image image=&#8221;46&#8243; img_size=&#8221;592&#215;415&#8243; alignment=&#8221;center&#8221; onclick=&#8221;link_image&#8221; css=&#8221;.vc_custom_1691295646695{margin-bottom: 24px !important;}&#8221;][\/vc_column_inner][\/vc_row_inner][\/vc_column][\/vc_row][vc_row full_width=&#8221;stretch_row&#8221; css=&#8221;.vc_custom_1694478312843{background-color: #eaeaea !important;}&#8221;][vc_column][vc_column_text css=&#8221;.vc_custom_1694478371272{margin-bottom: 10px !important;}&#8221;]<\/p>\n<h2 class=\"clr-blue\">\u00bfPor qu\u00e9 elegir Torre Mind?<\/h2>\n<p>[\/vc_column_text][vc_separator color=&#8221;black&#8221; align=&#8221;align_left&#8221; el_class=&#8221;pleca&#8221; css=&#8221;.vc_custom_1691288459394{margin-bottom: 10px !important;}&#8221;][vc_column_text]<\/p>\n<h3><strong>Infraestructura innovadora <\/strong><\/h3>\n<p>En Torre Mind, nos enorgullece presentar un <em>dise\u00f1o vanguardista<\/em> y una infraestructura <strong>avanzada<\/strong> que aboga firmemente por la preservaci\u00f3n del medio ambiente. Nuestro compromiso con la m\u00e1xima eficiencia energ\u00e9tica contribuye a reducir nuestro impacto ambiental, en sinton\u00eda con tu visi\u00f3n empresarial.[\/vc_column_text][vc_column_text el_class=&#8221;txt-medium&#8221;]<\/p>\n<h3><strong class=\"clr-orange\">Espacio y Sostenibilidad <\/strong><\/h3>\n<p>Hemos dise\u00f1ado Torre Mind para aprovechar al m\u00e1ximo la <strong>luz natural<\/strong> y la <em>ventilaci\u00f3n<\/em>, reduciendo la necesidad de iluminaci\u00f3n artificial y el uso de aire acondicionado durante el d\u00eda, contribuyendo a la <em>sostenibilidad<\/em>. Adem\u00e1s, nuestro sistema de elevadores para autom\u00f3viles y un estacionamiento de dos niveles ofrece una mejor eficiencia del espacio.[\/vc_column_text][vc_column_text el_class=&#8221;txt-medium&#8221;]<\/p>\n<h3><strong class=\"clr-orange\">Espacios colaborativos <\/strong><\/h3>\n<p>Torre Mind es mucho m\u00e1s que un complejo de oficinas; es un medio para la colaboraci\u00f3n y la <strong>creatividad<\/strong>. Con su dise\u00f1o flexible, creamos un entorno propicio para la generaci\u00f3n de nuevas ideas, donde las alianzas toman forma y la <strong>innovaci\u00f3n<\/strong> se fomenta en cada rinc\u00f3n.[\/vc_column_text][vc_empty_space height=&#8221;5px&#8221;][\/vc_column][\/vc_row][vc_row full_width=&#8221;stretch_row&#8221;][vc_column][vc_column_text]<\/p>\n<h2 class=\"clr-blue txt-uppercase\" style=\"text-align: center;\">Torre Mind: Colaboraci\u00f3n. Innovaci\u00f3n. Visi\u00f3n al Futuro.<\/h2>\n<p>[\/vc_column_text][vc_row_inner][vc_column_inner width=&#8221;1\/2&#8243;][vc_single_image image=&#8221;210&#8243; img_size=&#8221;large&#8221; alignment=&#8221;center&#8221; onclick=&#8221;link_image&#8221;][vc_column_text el_class=&#8221;txt-medium&#8221;]<\/p>\n<h3><strong class=\"clr-orange\">Contratos Flexibles <\/strong><\/h3>\n<p>Entendemos que cada negocio es \u00fanico. Torre Mind ofrece contratos con una <strong>duraci\u00f3n m\u00ednima<\/strong> de 3 a\u00f1os, brind\u00e1ndote la <em>flexibilidad<\/em> necesaria para planificar tu <strong>crecimiento<\/strong> futuro.[\/vc_column_text][vc_column_text el_class=&#8221;txt-medium&#8221;]<\/p>\n<h3><strong class=\"clr-orange\">Ventaja Estrat\u00e9gica <\/strong><\/h3>\n<p>Torre Mind ofrece excelentes <em>amenidades<\/em>, <strong>ubicaci\u00f3n<\/strong> estrat\u00e9gica y un estupendo valor en comparaci\u00f3n con espacios similares en la zona.[\/vc_column_text][\/vc_column_inner][vc_column_inner width=&#8221;1\/2&#8243;][vc_column_text el_class=&#8221;txt-medium&#8221;]<\/p>\n<h3><strong class=\"clr-orange\">Oficinas \u2018Open Space\u2019 Personalizadas <\/strong><\/h3>\n<p>Adapta tu espacio de trabajo a tus necesidades. En Torre Mind, puedes dise\u00f1ar la disposici\u00f3n y el <em>estilo<\/em> de tu oficina.[\/vc_column_text][vc_column_text el_class=&#8221;txt-medium&#8221;]<\/p>\n<h3><strong class=\"clr-orange\">Precios de Alquiler Competitivos <\/strong><\/h3>\n<p>A partir de tan solo $<strong>21 por metro cuadrado al mes<\/strong>, en Torre Mind te ofrecemos tarifas de arrendamiento que se ajustan a tu presupuesto.[\/vc_column_text][vc_single_image image=&#8221;209&#8243; img_size=&#8221;large&#8221; alignment=&#8221;center&#8221; onclick=&#8221;link_image&#8221;][\/vc_column_inner][\/vc_row_inner][vc_empty_space height=&#8221;5px&#8221;][vc_column_text]<\/p>\n<p style=\"text-align: center;\">En Torre Mind, te invitamos a explorar un espacio de trabajo que es mucho m\u00e1s que una oficina; es una comunidad donde los <strong>negocios<\/strong> prosperan, las <strong>conexiones<\/strong> se forman y la <strong>innovaci\u00f3n<\/strong> florece. Reserva tu espacio hoy mismo y desarrolla el potencial de tu marca en el principal distrito de negocios de Tijuana.<\/p>\n<h2 class=\"clr-blue txt-uppercase\" style=\"text-align: center;\">\u00a1Bienvenido a una nueva era de espacios de trabajo en Torre Mind!<\/h2>\n<p>[\/vc_column_text][vc_empty_space height=&#8221;5px&#8221;][\/vc_column][\/vc_row]<\/p>\n<\/section>","protected":false},"excerpt":{"rendered":"<p>[vc_row][vc_column][\/vc_column][\/vc_row][vc_row full_width=&#8221;stretch_row_content&#8221;][vc_column][\/vc_column][\/vc_row][vc_row full_width=&#8221;stretch_row&#8221;][vc_column width=&#8221;7\/12&#8243;][vc_column_text css=&#8221;.vc_custom_1691700960578{margin-bottom: 10px !important;}&#8221;] Bienvenido a una Nueva Era deEspacios de Oficina en Torre Mind. [\/vc_column_text][vc_separator color=&#8221;black&#8221; align=&#8221;align_left&#8221; el_class=&#8221;pleca&#8221; css=&#8221;.vc_custom_1691288459394{margin-bottom: 10px !important;}&#8221;][vc_column_text]Torre Mind te ofrece m\u00e1s de 5,000 metros cuadrados de espacio de oficina en el distrito financiero de Tijuana. Nuestra ubicaci\u00f3n privilegiada, a minutos de la garita internacional, brinda acceso a [&hellip;]<\/p>\n","protected":false},"author":1,"featured_media":0,"parent":0,"menu_order":0,"comment_status":"closed","ping_status":"open","template":"","meta":{"footnotes":""},"class_list":["post-150","page","type-page","status-publish","hentry"],"yoast_head":"<!-- This site is optimized with the Yoast SEO plugin v20.13 - https:\/\/yoast.com\/wordpress\/plugins\/seo\/ -->\n<title>Oficinas innovadoras en Torre Mind para Profesionales Tech<\/title>\n<meta name=\"description\" content=\"Descubre tu espacio estrat\u00e9gico en Zona R\u00edo Tijuana. Torre Mind, techo alto, atrio inspirador, comodidades \u00fanicas y ubicaci\u00f3n privilegiada. \u00a1Cont\u00e1ctanos!\" \/>\n<meta name=\"robots\" content=\"index, follow, max-snippet:-1, max-image-preview:large, max-video-preview:-1\" \/>\n<link rel=\"canonical\" href=\"https:\/\/torremind.com\/es\/\" \/>\n<meta property=\"og:locale\" content=\"es_MX\" \/>\n<meta property=\"og:type\" content=\"article\" \/>\n<meta property=\"og:title\" content=\"Oficinas innovadoras en Torre Mind para Profesionales Tech\" \/>\n<meta property=\"og:description\" content=\"Descubre tu espacio estrat\u00e9gico en Zona R\u00edo Tijuana. Torre Mind, techo alto, atrio inspirador, comodidades \u00fanicas y ubicaci\u00f3n privilegiada. \u00a1Cont\u00e1ctanos!\" \/>\n<meta property=\"og:url\" content=\"https:\/\/torremind.com\/es\/\" \/>\n<meta property=\"og:site_name\" content=\"Torremind\" \/>\n<meta property=\"article:modified_time\" content=\"2025-06-26T17:12:54+00:00\" \/>\n<meta name=\"twitter:card\" content=\"summary_large_image\" \/>\n<meta name=\"twitter:label1\" content=\"Tiempo de lectura\" \/>\n\t<meta name=\"twitter:data1\" content=\"6 minutos\" \/>\n<script type=\"application\/ld+json\" class=\"yoast-schema-graph\">{\"@context\":\"https:\/\/schema.org\",\"@graph\":[{\"@type\":\"WebPage\",\"@id\":\"https:\/\/torremind.com\/es\/\",\"url\":\"https:\/\/torremind.com\/es\/\",\"name\":\"Oficinas innovadoras en Torre Mind para Profesionales Tech\",\"isPartOf\":{\"@id\":\"https:\/\/torremind.com\/es\/#website\"},\"datePublished\":\"2023-08-09T21:12:01+00:00\",\"dateModified\":\"2025-06-26T17:12:54+00:00\",\"description\":\"Descubre tu espacio estrat\u00e9gico en Zona R\u00edo Tijuana. Torre Mind, techo alto, atrio inspirador, comodidades \u00fanicas y ubicaci\u00f3n privilegiada. \u00a1Cont\u00e1ctanos!\",\"breadcrumb\":{\"@id\":\"https:\/\/torremind.com\/es\/#breadcrumb\"},\"inLanguage\":\"es\",\"potentialAction\":[{\"@type\":\"ReadAction\",\"target\":[\"https:\/\/torremind.com\/es\/\"]}]},{\"@type\":\"BreadcrumbList\",\"@id\":\"https:\/\/torremind.com\/es\/#breadcrumb\",\"itemListElement\":[{\"@type\":\"ListItem\",\"position\":1,\"name\":\"Home\",\"item\":\"https:\/\/torremind.com\/es\/\"},{\"@type\":\"ListItem\",\"position\":2,\"name\":\"Inicio\"}]},{\"@type\":\"WebSite\",\"@id\":\"https:\/\/torremind.com\/es\/#website\",\"url\":\"https:\/\/torremind.com\/es\/\",\"name\":\"Torremind\",\"description\":\"Oficinas corporativas en Tijuana\",\"potentialAction\":[{\"@type\":\"SearchAction\",\"target\":{\"@type\":\"EntryPoint\",\"urlTemplate\":\"https:\/\/torremind.com\/es\/?s={search_term_string}\"},\"query-input\":\"required name=search_term_string\"}],\"inLanguage\":\"es\"}]}<\/script>\n<!-- \/ Yoast SEO plugin. -->","yoast_head_json":{"title":"Oficinas innovadoras en Torre Mind para Profesionales Tech","description":"Descubre tu espacio estrat\u00e9gico en Zona R\u00edo Tijuana. Torre Mind, techo alto, atrio inspirador, comodidades \u00fanicas y ubicaci\u00f3n privilegiada. \u00a1Cont\u00e1ctanos!","robots":{"index":"index","follow":"follow","max-snippet":"max-snippet:-1","max-image-preview":"max-image-preview:large","max-video-preview":"max-video-preview:-1"},"canonical":"https:\/\/torremind.com\/es\/","og_locale":"es_MX","og_type":"article","og_title":"Oficinas innovadoras en Torre Mind para Profesionales Tech","og_description":"Descubre tu espacio estrat\u00e9gico en Zona R\u00edo Tijuana. Torre Mind, techo alto, atrio inspirador, comodidades \u00fanicas y ubicaci\u00f3n privilegiada. \u00a1Cont\u00e1ctanos!","og_url":"https:\/\/torremind.com\/es\/","og_site_name":"Torremind","article_modified_time":"2025-06-26T17:12:54+00:00","twitter_card":"summary_large_image","twitter_misc":{"Tiempo de lectura":"6 minutos"},"schema":{"@context":"https:\/\/schema.org","@graph":[{"@type":"WebPage","@id":"https:\/\/torremind.com\/es\/","url":"https:\/\/torremind.com\/es\/","name":"Oficinas innovadoras en Torre Mind para Profesionales Tech","isPartOf":{"@id":"https:\/\/torremind.com\/es\/#website"},"datePublished":"2023-08-09T21:12:01+00:00","dateModified":"2025-06-26T17:12:54+00:00","description":"Descubre tu espacio estrat\u00e9gico en Zona R\u00edo Tijuana. Torre Mind, techo alto, atrio inspirador, comodidades \u00fanicas y ubicaci\u00f3n privilegiada. \u00a1Cont\u00e1ctanos!","breadcrumb":{"@id":"https:\/\/torremind.com\/es\/#breadcrumb"},"inLanguage":"es","potentialAction":[{"@type":"ReadAction","target":["https:\/\/torremind.com\/es\/"]}]},{"@type":"BreadcrumbList","@id":"https:\/\/torremind.com\/es\/#breadcrumb","itemListElement":[{"@type":"ListItem","position":1,"name":"Home","item":"https:\/\/torremind.com\/es\/"},{"@type":"ListItem","position":2,"name":"Inicio"}]},{"@type":"WebSite","@id":"https:\/\/torremind.com\/es\/#website","url":"https:\/\/torremind.com\/es\/","name":"Torremind","description":"Oficinas corporativas en Tijuana","potentialAction":[{"@type":"SearchAction","target":{"@type":"EntryPoint","urlTemplate":"https:\/\/torremind.com\/es\/?s={search_term_string}"},"query-input":"required name=search_term_string"}],"inLanguage":"es"}]}},"_links":{"self":[{"href":"https:\/\/torremind.com\/es\/wp-json\/wp\/v2\/pages\/150","targetHints":{"allow":["GET"]}}],"collection":[{"href":"https:\/\/torremind.com\/es\/wp-json\/wp\/v2\/pages"}],"about":[{"href":"https:\/\/torremind.com\/es\/wp-json\/wp\/v2\/types\/page"}],"author":[{"embeddable":true,"href":"https:\/\/torremind.com\/es\/wp-json\/wp\/v2\/users\/1"}],"replies":[{"embeddable":true,"href":"https:\/\/torremind.com\/es\/wp-json\/wp\/v2\/comments?post=150"}],"version-history":[{"count":15,"href":"https:\/\/torremind.com\/es\/wp-json\/wp\/v2\/pages\/150\/revisions"}],"predecessor-version":[{"id":219,"href":"https:\/\/torremind.com\/es\/wp-json\/wp\/v2\/pages\/150\/revisions\/219"}],"wp:attachment":[{"href":"https:\/\/torremind.com\/es\/wp-json\/wp\/v2\/media?parent=150"}],"curies":[{"name":"wp","href":"https:\/\/api.w.org\/{rel}","templated":true}]}}